{"id":11528,"date":[239],"date_gmt":"2025-04-10T10:33:28","guid":{"rendered":"https:\/\/nostromo.fr\/Inea\/?post_type=actif&#038;p=11528"},"modified":"2025-04-10T12:34:55","modified_gmt":"2025-04-10T10:34:55","slug":"olea","status":"publish","type":"actif","link":"https:\/\/nostromo.fr\/Inea\/actifs\/olea\/","title":{"rendered":"Olea"},"content":{"rendered":"<section class=\"block-inea-actif-headcontent\">\n    <div class=\"bg-img\" style=\"background-image: url(https:\/\/nostromo.fr\/Inea\/wp-content\/uploads\/2025\/04\/INEA-Merignac-OLEA-1.jpg)\"><\/div>\n    <div class=\"overlay d-flex align-items-start justify-content-center flex-column\">\n        <div class=\"container\">\n            <div class=\"row\">\n                <div class=\"col-12\">\n                    <div class=\"wrapper-parallax\">\n                        <div class=\"title\">OLEA<\/div>\n                                                    <div class=\"subtitle\"><p>M\u00e9rignac<\/p>\n<\/div>\n                                            <\/div>\n                <\/div>\n            <\/div>\n        <\/div>\n                <div class=\"card-infos-wrapper\">\n            <div class=\"container\">\n                <img decoding=\"async\" data-aos=\"fade-up\" data-aos-anchor-placement=\"top-center\" class=\"card-infos\" src=\"https:\/\/nostromo.fr\/Inea\/wp-content\/uploads\/2025\/04\/inea-cartouche-olea.svg\" alt=\"\" title=\"inea-cartouche-olea\">\n\t\t\t\t\t        \t\t\t\t<div class=\"logo-flex-park-wrapper\" style=\"margin-left: 20px;\">\n                \t\t<img decoding=\"async\" data-aos=\"fade-up\" data-aos-anchor-placement=\"top-center\" class=\"card-infos-logo-flex-park\" src=\"http:\/\/fonciere-inea.com\/wp-content\/uploads\/2023\/06\/LOGO_FLEXPARK_small_white.png\" alt=\"logo Flex Park\" title=\"logo Flex Park\">\n        \t\t\t\t<\/div>\n        \t\t\t            <\/div>\n        <\/div>\n        \t\t\n                        <div class=\"icon-scroll d-none d-lg-block\"><svg xmlns=\"http:\/\/www.w3.org\/2000\/svg\" width=\"17.828\" height=\"19.328\"><g fill=\"none\" stroke=\"#fff\" stroke-linecap=\"round\" stroke-width=\"2\"><path data-name=\"Trac\u00e9 82\" d=\"M1.414 10.414l7.5 7.5 7.5-7.5\"\/><path data-name=\"Trac\u00e9 83\" d=\"M1.414 1.414l7.5 7.5 7.5-7.5\"\/><\/g><\/svg><\/div>\n    <\/div>\n<\/section>\n\n<section class=\"block-inea-actif-content d-flex align-items-center justify-content-start hascontent\">\n        <div class=\"container\">\n                    <div class=\"row align-items-center\">\n                <div class=\"col-12 col-lg-6\">\n                    <div class=\"wrapper-parallax\">\n                                                    <img decoding=\"async\" src=\"https:\/\/nostromo.fr\/Inea\/wp-content\/uploads\/2025\/04\/INEA-Merignac-OLEA-2.jpg\" alt=\"\" title=\"INEA-Merignac-OLEA-2\">\n                                                            <div class=\"copyright\">\u00a9 INEA<\/div>\n                                                                        <\/div>\n                <\/div>\n                <div class=\"col-12 col-lg-6\">\n                    <div class=\"content-wrapper\">\n                                                    <h2 class=\"title\" data-aos=\"fade-up\" data-aos-duration=\"500\">Nouvelle \r\n<strong>g\u00e9n\u00e9ration<\/strong><\/h2>\n                                                                            <div class=\"content-text\" data-aos=\"fade-up\" data-aos-duration=\"500\" data-aos-delay=\"300\"><p>OLEA, parc d&rsquo;activit\u00e9s nouvelle g\u00e9n\u00e9ration Flex Park, est implant\u00e9 au sein du parc \u00e9conomique et environnemental \u00c9cosph&rsquo;Air. Cet actif, \u00e0 seulement quelques minutes de l&rsquo;a\u00e9roport de Bordeaux M\u00e9rignac, se compose de deux b\u00e2timents, qui d\u00e9veloppent une superficie totale de 6 035 m2 (3 973  m2 d&rsquo;activit\u00e9 au rez-de-chauss\u00e9e et 1 748 m2 de bureaux en mezzanine). Il dispose de 87 places de parking.     <\/p>\n<\/div>\n                                            <\/div>\n                <\/div>\n            <\/div>\n                                <\/div>\n<\/section>\n\n<section class=\"block-inea-actif-content d-flex align-items-center justify-content-start hascontent\">\n        <div class=\"container\">\n                    <div class=\"row align-items-center\">\n                <div class=\"col-12 col-lg-6\">\n                    <div class=\"wrapper-parallax\">\n                                                    <img decoding=\"async\" src=\"https:\/\/nostromo.fr\/Inea\/wp-content\/uploads\/2025\/04\/INEA-Merignac-OLEA-3.jpg\" alt=\"\" title=\"INEA-Merignac-OLEA-3\">\n                                                            <div class=\"copyright\">\u00a9 INEA<\/div>\n                                                                        <\/div>\n                <\/div>\n                <div class=\"col-12 col-lg-6\">\n                    <div class=\"content-wrapper\">\n                                                    <h2 class=\"title\" data-aos=\"fade-up\" data-aos-duration=\"500\">Qualit\u00e9 \r\n<strong>environnementale<\/strong><\/h2>\n                                                                            <div class=\"content-text\" data-aos=\"fade-up\" data-aos-duration=\"500\" data-aos-delay=\"300\"><p>Adapt\u00e9 \u00e0 une pluralit\u00e9 d&rsquo;utilisateurs et dot\u00e9 de larges voies de circulation, OLEA est plac\u00e9 sous le signe de la qualit\u00e9 environnementale : certification BREEAM niveau Very Good, panneaux photovolta\u00efques en toiture. C&rsquo;est sur ce parc d&rsquo;activit\u00e9s, et sur le programme de bureaux Arko \u2013 un autre actif d&rsquo;INEA sur Ecosph&rsquo;Air, aux toits \u00e9galement solaris\u00e9s \u2013, que repose la communaut\u00e9 d&rsquo;\u00e9nergie Notre \u00e9nergie M\u00e9rignac, cr\u00e9\u00e9e par SerenySun, partenaire d&rsquo;INEA. Une initiative visant \u00e0 produire localement une \u00e9nergie verte, partag\u00e9e entre les acteurs du territoire et \u00e0 co\u00fbt ma\u00eetris\u00e9 dans le cadre d&rsquo;une op\u00e9ration d&rsquo;autoconsommation collective.<\/p>\n<\/div>\n                                            <\/div>\n                <\/div>\n            <\/div>\n                                <\/div>\n<\/section>","protected":false},"featured_media":11530,"template":"","meta":{"_acf_changed":true,"inline_featured_image":false},"typologie":[142],"taille":[262],"localisation":[64],"class_list":["post-11528","actif","type-actif","status-publish","has-post-thumbnail","hentry","typologie-activite","taille-262","localisation-bordeaux","date-239"],"acf":[],"_links":{"self":[{"href":"https:\/\/nostromo.fr\/Inea\/wp-json\/wp\/v2\/actif\/11528","targetHints":{"allow":["GET"]}}],"collection":[{"href":"https:\/\/nostromo.fr\/Inea\/wp-json\/wp\/v2\/actif"}],"about":[{"href":"https:\/\/nostromo.fr\/Inea\/wp-json\/wp\/v2\/types\/actif"}],"wp:featuredmedia":[{"embeddable":true,"href":"https:\/\/nostromo.fr\/Inea\/wp-json\/wp\/v2\/media\/11530"}],"wp:attachment":[{"href":"https:\/\/nostromo.fr\/Inea\/wp-json\/wp\/v2\/media?parent=11528"}],"wp:term":[{"taxonomy":"typologie","embeddable":true,"href":"https:\/\/nostromo.fr\/Inea\/wp-json\/wp\/v2\/typologie?post=11528"},{"taxonomy":"taille","embeddable":true,"href":"https:\/\/nostromo.fr\/Inea\/wp-json\/wp\/v2\/taille?post=11528"},{"taxonomy":"localisation","embeddable":true,"href":"https:\/\/nostromo.fr\/Inea\/wp-json\/wp\/v2\/localisation?post=11528"},{"taxonomy":"date","embeddable":true,"href":"https:\/\/nostromo.fr\/Inea\/wp-json\/wp\/v2\/date?post=11528"}],"curies":[{"name":"wp","href":"https:\/\/api.w.org\/{rel}","templated":true}]}}